{"id":5631,"date":"2023-06-27T13:07:22","date_gmt":"2023-06-27T13:07:22","guid":{"rendered":"https:\/\/tm2023.mittmagasin.online\/?page_id=5631"},"modified":"2023-06-29T20:08:31","modified_gmt":"2023-06-29T20:08:31","slug":"velkommen-til-trondheim-maraton","status":"publish","type":"page","link":"https:\/\/tm2023.mittmagasin.online\/?page_id=5631","title":{"rendered":"Velkommen til Trondheim Maraton!"},"content":{"rendered":"<p>\n    <a href=\"\">Forrige<\/a>\n<\/p>\n<p>\n    <a href=\"\">Neste<\/a>\n<\/p>\n<h1>\n<p>Velkommen til Trondheim Maraton!<\/p>\n<\/h1>\n<h2>\n<p>&#8211; et lekent, inspirerende og inkluderende arrangement<\/p>\n<\/h2>\n<p><img decoding=\"async\" src=\"\/wp-content\/uploads\/2023\/06\/MRW03335.jpg\" alt=\"\"><\/p>\n<div>\n<p><em><strong>L\u00f8peglede:<\/strong> Det skal v\u00e6re moro \u00e5 v\u00e6re en del av Trondheim Maraton. Det mener Morten Rasch Eliassen som er prosjektleder for arrangementet. (Foto: Trondheim Maraton)<\/em><\/p>\n<\/div>\n<h2>\n<p>Det viktigste for arrang\u00f8ren av Trondheim Maraton er ikke hvem som vinner, men at deltakerne og alle som er tilknyttet arrangementet eller er i byen p\u00e5 l\u00f8psdagen, har det moro.<\/p>\n<\/h2>\n<div>\n<p>Det skal v\u00e6re moro \u00e5 trene for \u00e5 pr\u00f8ve \u00e5 komme i form. Trondheim Maraton inviterer derfor til flere fellestreninger i forkant av arrangementet. Her kan alle v\u00e6re med.<\/p>\n<p>\u2013 Dette er en fin mulighet til b\u00e5de \u00e5 l\u00e6re om trening og til \u00e5 v\u00e6re sosiale med andre som har samme m\u00e5l som en selv. P\u00e5 disse arrangementene vil en ogs\u00e5 f\u00e5 m\u00f8te ambassad\u00f8rene v\u00e5re og f\u00e5 gode r\u00e5d av dem, sier Morten Rasch Eliassen som er prosjektleder for Trondheim Maraton og sv\u00e6rt opptatt av det han kaller sosial b\u00e6rekraft.<\/p>\n<p>\u2013 Vi \u00f8nsker at deltakerne skal f\u00e5 mulighet til \u00e5 v\u00e6re sosiale sammen med oss, knytte nye kontakter og venner i milj\u00f8et. Vi \u00f8nsker ogs\u00e5 at de skal oppleve trygghet. Derfor har vi stort fokus p\u00e5 kompetanseformidling b\u00e5de n\u00e5r det gjelder hvordan en b\u00f8r trene, kle seg og spise og drikke i forbindelse med l\u00f8pet. Vi har ogs\u00e5 flere gjennoml\u00f8pinger av l\u00f8ypa i forkant slik at folk kan v\u00e6re mentalt forberedt p\u00e5 hva som m\u00f8ter dem, sier han.<\/p>\n<p><strong>B\u00e6rekraft<\/strong><\/p>\n<p>Morten er opptatt av b\u00e6rekraft i mange ulike varianter, b\u00e5de sosialt og i et milj\u00f8perspektiv. I fjor hadde Trondheim Maraton et prosjekt der skoler samlet plastavfall som ble brukt til \u00e5 produsere medaljene i barnel\u00f8pet. De var ogs\u00e5 p\u00e5 bes\u00f8k hos Plasteriet, som produserte medaljene, og fikk se hvordan de ble laget. Dette var sv\u00e6rt popul\u00e6rt og vil ogs\u00e5 bli gjentatt i \u00e5r.<\/p>\n<p>\u2013 Vi skal ha fokus p\u00e5 b\u00e6rekraft i alt vi gj\u00f8r. Trondheim Maraton skal v\u00e6re et b\u00e6rekraftig arrangement, sier Morten.<\/p>\n<p><strong>Vil ha innspill<\/strong><\/p>\n<p>Han er ogs\u00e5 opptatt av \u00e5 inkludere andre i planleggingen av arrangementet \u2013 b\u00e5de samarbeidspartnere, kommunen, deltakerne og utsatte grupper i samfunnet.<\/p>\n<p>\u2013 Vi har et samarbeid med \u00abFire \u2013 et skritt videre\u00bb som er en gruppe tidligere rusmisbrukere. Vi trener sammen med dem og setter treningsm\u00e5l. Vi har ogs\u00e5 s\u00f8kt kommunen om st\u00f8tte til \u00e5 arrangere trening i forkant av l\u00f8pet for flyktninger, sier han.<\/p>\n<p>Trondheim Maraton skal v\u00e6re et arrangement for alle. Morten er derfor opptatt av \u00e5 inkludere b\u00e5de etatene i kommunen og andre grupper i planleggingen av arrangementet.<\/p>\n<p>\u2013 Vi \u00f8nsker \u00e5 legge til rette for at alt skal flyte godt p\u00e5 arrangementsdagen, og har stort fokus p\u00e5 tett dialog med de ulike etatene i kommunen som kommer til \u00e5 bli involvert p\u00e5 arrangementsdagen. Vi \u00f8nsker ogs\u00e5 at handicappede og folk med funksjonsnedsettelser skal kunne v\u00e6re med p\u00e5 l\u00f8pene v\u00e5re. Vi inviterer derfor disse med i planleggingen i forkant slik at vi f\u00e5r innspill for eksempel om hvordan vi b\u00f8r plassere HC-toalettene og andre praktiske tilrettelegginger de har behov for, sier han.<\/p>\n<p><strong>Sprek til VM<\/strong><\/p>\n<p>Morten er opptatt av at folk skal ha langsiktige treningsm\u00e5l, og at Trondheim Maraton kan v\u00e6re et steg p\u00e5 veien. De har derfor inng\u00e5tt samarbeid med arrang\u00f8ren av VMski 2025 og Trondheim kommune om \u00e5 komme i form til ski-VM i Trondheim til neste \u00e5r.<\/p>\n<p>\u2013 Det passer sv\u00e6rt godt i v\u00e5rt fokus \u00e5 f\u00e5 folk til \u00e5 r\u00f8re p\u00e5 seg. Selv om vi er et maratonl\u00f8p, er det ikke det \u00e5 skulle l\u00f8pe maraton som er det viktigste for oss. Vi har mange distanser folk kan melde seg p\u00e5. For oss er det viktigst at alle har noe \u00e5 trene mot. Vi \u00f8nsker \u00e5 ha vel s\u00e5 mye fokus p\u00e5 de som \u00f8nsker \u00e5 g\u00e5 5-kilometeren, som er oppf\u00f8rt som VM 5er\u2019n i l\u00f8psoversikten, som p\u00e5 de som l\u00f8per de lange distansene, sier Morten og legger til at de ogs\u00e5 h\u00e5per p\u00e5 stor deltakelse i barnel\u00f8pet.<\/p>\n<p>\u2013 Barnel\u00f8pet er viktig. Dette er framtidas l\u00f8pere. Det \u00e5 gi dem gode opplevelser kan v\u00e6re sv\u00e6rt viktig for om de fortsetter \u00e5 v\u00e6re aktive som voksne, sier han.<\/p>\n<p>Morten har ikke forventninger til at det kommer mange elitel\u00f8perne til start i Trondheim Maraton.<\/p>\n<p>\u2013 Det hadde v\u00e6rt hyggelig, men l\u00f8ypa v\u00e5r er nok litt for tung og med litt for mange kvasse svinger til at de kan klare \u00e5 perse. Da er det mange som kvier seg for \u00e5 l\u00f8pe. De er imidlertid sv\u00e6rt velkomne de som kommer enten de er eliteut\u00f8vere eller vanlige folk, sier Morten som velger \u00e5 fokusere p\u00e5 \u00e5 lage et godt l\u00f8p for massene framfor et elitearrangement.<\/p>\n<p>\u2013 Vi vil at l\u00f8ypa skal vise fram store deler av byen og de attraksjonene vi har. Maratondistansen v\u00e5r vil alltid ha fire runder. Dette fordi det er mer publikumsvennlig og enklere \u00e5 arrangere. Vi regner med \u00e5 kunne rette ut en del av de kvasse svingene etter hvert som dagens veiarbeidsprosjekter avsluttes og vi kan gj\u00f8re noen justeringer p\u00e5 l\u00f8ypa, sier han.<\/p>\n<\/div>\n<p>\n    <a href=\"\">Forrige<\/a>\n<\/p>\n<p>\n    <a href=\"\">Neste<\/a>\n<\/p>\n<p><!--more--><br \/>\n<!-- {\"type\":\"layout\",\"children\":[{\"type\":\"section\",\"props\":{\"style\":\"default\",\"width\":\"default\",\"vertical_align\":\"middle\",\"title_position\":\"top-left\",\"title_rotation\":\"left\",\"title_breakpoint\":\"xl\",\"image_position\":\"center-center\",\"padding\":\"xsmall\",\"padding_remove_top\":false},\"children\":[{\"type\":\"row\",\"props\":{\"layout\":\"1-2,1-2\"},\"children\":[{\"type\":\"column\",\"props\":{\"position_sticky_breakpoint\":\"m\",\"image_position\":\"center-center\",\"media_overlay_gradient\":\"\",\"width_medium\":\"1-2\"},\"children\":[{\"type\":\"button\",\"props\":{\"grid_column_gap\":\"small\",\"grid_row_gap\":\"small\",\"margin\":\"default\",\"position\":\"absolute\"},\"children\":[{\"type\":\"button_item\",\"props\":{\"button_style\":\"danger\",\"icon_align\":\"left\",\"content\":\"Forrige\"},\"source\":{\"query\":{\"name\":\"pages.singleNextPage\"},\"props\":{\"link\":{\"filters\":{\"search\":\"\"},\"name\":\"link\"}}}}]}]},{\"type\":\"column\",\"props\":{\"position_sticky_breakpoint\":\"m\",\"image_position\":\"center-center\",\"media_overlay_gradient\":\"\",\"width_medium\":\"1-2\"},\"children\":[{\"type\":\"button\",\"props\":{\"grid_column_gap\":\"small\",\"grid_row_gap\":\"small\",\"margin\":\"default\",\"text_align\":\"right\",\"position\":\"absolute\"},\"children\":[{\"type\":\"button_item\",\"props\":{\"button_style\":\"danger\",\"icon_align\":\"left\",\"content\":\"Neste\"},\"source\":{\"query\":{\"name\":\"pages.singlePreviousPage\"},\"props\":{\"link\":{\"filters\":{\"search\":\"\"},\"name\":\"link\"}}}}]}]}]}],\"name\":\"Forrige\\\/Neste - TOPP\"},{\"type\":\"section\",\"props\":{\"style\":\"default\",\"width\":\"default\",\"vertical_align\":\"middle\",\"title_position\":\"top-left\",\"title_rotation\":\"left\",\"title_breakpoint\":\"xl\",\"image_position\":\"center-center\"},\"children\":[{\"type\":\"row\",\"children\":[{\"type\":\"column\",\"props\":{\"position_sticky_breakpoint\":\"m\",\"image_position\":\"center-center\",\"media_overlay_gradient\":\"\"},\"children\":[{\"type\":\"headline\",\"props\":{\"title_element\":\"h1\",\"content\":\"\n\n<p>Velkommen til Trondheim Maraton!<\\\/p>\",\"text_align\":\"center\"}},{\"type\":\"headline\",\"props\":{\"title_element\":\"h2\",\"content\":\"\n\n<p>- et lekent, inspirerende og inkluderende arrangement<\\\/p>\",\"text_align\":\"center\",\"margin_remove_top\":true}},{\"type\":\"image\",\"props\":{\"margin\":\"small\",\"image_svg_color\":\"emphasis\",\"image\":\"wp-content\\\/uploads\\\/2023\\\/06\\\/MRW03335.jpg\"}},{\"type\":\"text\",\"props\":{\"margin\":\"default\",\"column_breakpoint\":\"m\",\"content\":\"\n\n<p><em><strong>L\\u00f8peglede:<\\\/strong> Det skal v\\u00e6re moro \\u00e5 v\\u00e6re en del av Trondheim Maraton. Det mener Morten Rasch Eliassen som er prosjektleder for arrangementet. (Foto: Trondheim Maraton)<\\\/em><\\\/p>\",\"margin_remove_top\":true}},{\"type\":\"headline\",\"props\":{\"title_element\":\"h2\",\"content\":\"\n\n<p>Det viktigste for arrang\\u00f8ren av Trondheim Maraton er ikke hvem som vinner, men at deltakerne og alle som er tilknyttet arrangementet eller er i byen p\\u00e5 l\\u00f8psdagen, har det moro.<\\\/p>\"}},{\"type\":\"text\",\"props\":{\"margin\":\"default\",\"column_breakpoint\":\"m\",\"content\":\"\n\n<p>Det skal v\\u00e6re moro \\u00e5 trene for \\u00e5 pr\\u00f8ve \\u00e5 komme i form. Trondheim Maraton inviterer derfor til flere fellestreninger i forkant av arrangementet. Her kan alle v\\u00e6re med.<\\\/p>\\n\n\n<p>\\u2013 Dette er en fin mulighet til b\\u00e5de \\u00e5 l\\u00e6re om trening og til \\u00e5 v\\u00e6re sosiale med andre som har samme m\\u00e5l som en selv. P\\u00e5 disse arrangementene vil en ogs\\u00e5 f\\u00e5 m\\u00f8te ambassad\\u00f8rene v\\u00e5re og f\\u00e5 gode r\\u00e5d av dem, sier Morten Rasch Eliassen som er prosjektleder for Trondheim Maraton og sv\\u00e6rt opptatt av det han kaller sosial b\\u00e6rekraft.<\\\/p>\\n\n\n<p>\\u2013 Vi \\u00f8nsker at deltakerne skal f\\u00e5 mulighet til \\u00e5 v\\u00e6re sosiale sammen med oss, knytte nye kontakter og venner i milj\\u00f8et. Vi \\u00f8nsker ogs\\u00e5 at de skal oppleve trygghet. Derfor har vi stort fokus p\\u00e5 kompetanseformidling b\\u00e5de n\\u00e5r det gjelder hvordan en b\\u00f8r trene, kle seg og spise og drikke i forbindelse med l\\u00f8pet. Vi har ogs\\u00e5 flere gjennoml\\u00f8pinger av l\\u00f8ypa i forkant slik at folk kan v\\u00e6re mentalt forberedt p\\u00e5 hva som m\\u00f8ter dem, sier han.<\\\/p>\\n\n\n<p><strong>B\\u00e6rekraft<\\\/strong><\\\/p>\\n\n\n<p>Morten er opptatt av b\\u00e6rekraft i mange ulike varianter, b\\u00e5de sosialt og i et milj\\u00f8perspektiv. I fjor hadde Trondheim Maraton et prosjekt der skoler samlet plastavfall som ble brukt til \\u00e5 produsere medaljene i barnel\\u00f8pet. De var ogs\\u00e5 p\\u00e5 bes\\u00f8k hos Plasteriet, som produserte medaljene, og fikk se hvordan de ble laget. Dette var sv\\u00e6rt popul\\u00e6rt og vil ogs\\u00e5 bli gjentatt i \\u00e5r.<\\\/p>\\n\n\n<p>\\u2013 Vi skal ha fokus p\\u00e5 b\\u00e6rekraft i alt vi gj\\u00f8r. Trondheim Maraton skal v\\u00e6re et b\\u00e6rekraftig arrangement, sier Morten.<\\\/p>\\n\n\n<p><strong>Vil ha innspill<\\\/strong><\\\/p>\\n\n\n<p>Han er ogs\\u00e5 opptatt av \\u00e5 inkludere andre i planleggingen av arrangementet \\u2013 b\\u00e5de samarbeidspartnere, kommunen, deltakerne og utsatte grupper i samfunnet.<\\\/p>\\n\n\n<p>\\u2013 Vi har et samarbeid med \\u00abFire \\u2013 et skritt videre\\u00bb som er en gruppe tidligere rusmisbrukere. Vi trener sammen med dem og setter treningsm\\u00e5l. Vi har ogs\\u00e5 s\\u00f8kt kommunen om st\\u00f8tte til \\u00e5 arrangere trening i forkant av l\\u00f8pet for flyktninger, sier han.<\\\/p>\\n\n\n<p>Trondheim Maraton skal v\\u00e6re et arrangement for alle. Morten er derfor opptatt av \\u00e5 inkludere b\\u00e5de etatene i kommunen og andre grupper i planleggingen av arrangementet.<\\\/p>\\n\n\n<p>\\u2013 Vi \\u00f8nsker \\u00e5 legge til rette for at alt skal flyte godt p\\u00e5 arrangementsdagen, og har stort fokus p\\u00e5 tett dialog med de ulike etatene i kommunen som kommer til \\u00e5 bli involvert p\\u00e5 arrangementsdagen. Vi \\u00f8nsker ogs\\u00e5 at handicappede og folk med funksjonsnedsettelser skal kunne v\\u00e6re med p\\u00e5 l\\u00f8pene v\\u00e5re. Vi inviterer derfor disse med i planleggingen i forkant slik at vi f\\u00e5r innspill for eksempel om hvordan vi b\\u00f8r plassere HC-toalettene og andre praktiske tilrettelegginger de har behov for, sier han.<\\\/p>\\n\n\n<p><strong>Sprek til VM<\\\/strong><\\\/p>\\n\n\n<p>Morten er opptatt av at folk skal ha langsiktige treningsm\\u00e5l, og at Trondheim Maraton kan v\\u00e6re et steg p\\u00e5 veien. De har derfor inng\\u00e5tt samarbeid med arrang\\u00f8ren av VMski 2025 og Trondheim kommune om \\u00e5 komme i form til ski-VM i Trondheim til neste \\u00e5r.<\\\/p>\\n\n\n<p>\\u2013 Det passer sv\\u00e6rt godt i v\\u00e5rt fokus \\u00e5 f\\u00e5 folk til \\u00e5 r\\u00f8re p\\u00e5 seg. Selv om vi er et maratonl\\u00f8p, er det ikke det \\u00e5 skulle l\\u00f8pe maraton som er det viktigste for oss. Vi har mange distanser folk kan melde seg p\\u00e5. For oss er det viktigst at alle har noe \\u00e5 trene mot. Vi \\u00f8nsker \\u00e5 ha vel s\\u00e5 mye fokus p\\u00e5 de som \\u00f8nsker \\u00e5 g\\u00e5 5-kilometeren, som er oppf\\u00f8rt som VM 5er\\u2019n i l\\u00f8psoversikten, som p\\u00e5 de som l\\u00f8per de lange distansene, sier Morten og legger til at de ogs\\u00e5 h\\u00e5per p\\u00e5 stor deltakelse i barnel\\u00f8pet.<\\\/p>\\n\n\n<p>\\u2013 Barnel\\u00f8pet er viktig. Dette er framtidas l\\u00f8pere. Det \\u00e5 gi dem gode opplevelser kan v\\u00e6re sv\\u00e6rt viktig for om de fortsetter \\u00e5 v\\u00e6re aktive som voksne, sier han.<\\\/p>\\n\n\n<p>Morten har ikke forventninger til at det kommer mange elitel\\u00f8perne til start i Trondheim Maraton.<\\\/p>\\n\n\n<p>\\u2013 Det hadde v\\u00e6rt hyggelig, men l\\u00f8ypa v\\u00e5r er nok litt for tung og med litt for mange kvasse svinger til at de kan klare \\u00e5 perse. Da er det mange som kvier seg for \\u00e5 l\\u00f8pe. De er imidlertid sv\\u00e6rt velkomne de som kommer enten de er eliteut\\u00f8vere eller vanlige folk, sier Morten som velger \\u00e5 fokusere p\\u00e5 \\u00e5 lage et godt l\\u00f8p for massene framfor et elitearrangement.<\\\/p>\\n\n\n<p>\\u2013 Vi vil at l\\u00f8ypa skal vise fram store deler av byen og de attraksjonene vi har. Maratondistansen v\\u00e5r vil alltid ha fire runder. Dette fordi det er mer publikumsvennlig og enklere \\u00e5 arrangere. Vi regner med \\u00e5 kunne rette ut en del av de kvasse svingene etter hvert som dagens veiarbeidsprosjekter avsluttes og vi kan gj\\u00f8re noen justeringer p\\u00e5 l\\u00f8ypa, sier han.<\\\/p>\"}}]}]}]},{\"type\":\"section\",\"props\":{\"style\":\"default\",\"width\":\"default\",\"vertical_align\":\"middle\",\"title_position\":\"top-left\",\"title_rotation\":\"left\",\"title_breakpoint\":\"xl\",\"image_position\":\"center-center\",\"padding\":\"large\",\"padding_remove_top\":false},\"children\":[{\"type\":\"row\",\"props\":{\"layout\":\"1-2,1-2\"},\"children\":[{\"type\":\"column\",\"props\":{\"position_sticky_breakpoint\":\"m\",\"image_position\":\"center-center\",\"media_overlay_gradient\":\"\",\"width_medium\":\"1-2\"},\"children\":[{\"type\":\"button\",\"props\":{\"grid_column_gap\":\"small\",\"grid_row_gap\":\"small\",\"margin\":\"default\",\"position\":\"absolute\"},\"children\":[{\"type\":\"button_item\",\"props\":{\"button_style\":\"danger\",\"icon_align\":\"left\",\"content\":\"Forrige\"},\"source\":{\"query\":{\"name\":\"pages.singleNextPage\"},\"props\":{\"link\":{\"filters\":{\"search\":\"\"},\"name\":\"link\"}}}}]}]},{\"type\":\"column\",\"props\":{\"position_sticky_breakpoint\":\"m\",\"image_position\":\"center-center\",\"media_overlay_gradient\":\"\",\"width_medium\":\"1-2\"},\"children\":[{\"type\":\"button\",\"props\":{\"grid_column_gap\":\"small\",\"grid_row_gap\":\"small\",\"margin\":\"default\",\"text_align\":\"right\",\"position\":\"absolute\"},\"children\":[{\"type\":\"button_item\",\"props\":{\"button_style\":\"danger\",\"icon_align\":\"left\",\"content\":\"Neste\"},\"source\":{\"query\":{\"name\":\"pages.singlePreviousPage\"},\"props\":{\"link\":{\"filters\":{\"search\":\"\"},\"name\":\"link\"}}}}]}]}]}],\"name\":\"Forrige\\\/Neste - BUNN\"}],\"version\":\"2.7.22\"} --><\/p>\n","protected":false},"excerpt":{"rendered":"<p>Forrige Neste Velkommen til Trondheim Maraton! &#8211; et lekent, inspirerende og inkluderende arrangement L\u00f8peglede: Det skal v\u00e6re moro \u00e5 v\u00e6re en del av Trondheim Maraton. Det mener Morten Rasch Eliassen som er prosjektleder for arrangementet. (Foto: Trondheim Maraton) Det viktigste for arrang\u00f8ren av Trondheim Maraton er ikke hvem som vinner, men at deltakerne og alle [&hellip;]<\/p>\n","protected":false},"author":1,"featured_media":0,"parent":0,"menu_order":8,"comment_status":"closed","ping_status":"closed","template":"","meta":{"footnotes":""},"class_list":["post-5631","page","type-page","status-publish","hentry"],"acf":[],"_links":{"self":[{"href":"https:\/\/tm2023.mittmagasin.online\/index.php?rest_route=\/wp\/v2\/pages\/5631","targetHints":{"allow":["GET"]}}],"collection":[{"href":"https:\/\/tm2023.mittmagasin.online\/index.php?rest_route=\/wp\/v2\/pages"}],"about":[{"href":"https:\/\/tm2023.mittmagasin.online\/index.php?rest_route=\/wp\/v2\/types\/page"}],"author":[{"embeddable":true,"href":"https:\/\/tm2023.mittmagasin.online\/index.php?rest_route=\/wp\/v2\/users\/1"}],"replies":[{"embeddable":true,"href":"https:\/\/tm2023.mittmagasin.online\/index.php?rest_route=%2Fwp%2Fv2%2Fcomments&post=5631"}],"version-history":[{"count":16,"href":"https:\/\/tm2023.mittmagasin.online\/index.php?rest_route=\/wp\/v2\/pages\/5631\/revisions"}],"predecessor-version":[{"id":6034,"href":"https:\/\/tm2023.mittmagasin.online\/index.php?rest_route=\/wp\/v2\/pages\/5631\/revisions\/6034"}],"wp:attachment":[{"href":"https:\/\/tm2023.mittmagasin.online\/index.php?rest_route=%2Fwp%2Fv2%2Fmedia&parent=5631"}],"curies":[{"name":"wp","href":"https:\/\/api.w.org\/{rel}","templated":true}]}}